{"id":6,"date":"2012-02-09T09:16:24","date_gmt":"2012-02-09T09:16:24","guid":{"rendered":"http:\/\/www.the-voice-of-freedom.com\/wordpress\/?page_id=6"},"modified":"2023-05-12T13:30:35","modified_gmt":"2023-05-12T11:30:35","slug":"les-negro-spirituals-le-gospel","status":"publish","type":"page","link":"https:\/\/www.the-voice-of-freedom.com\/wordpress\/les-negro-spirituals-le-gospel\/","title":{"rendered":"Les Negro Spirituals &#038; Le Gospel"},"content":{"rendered":"<h2>Les Racines<\/h2>\n<p>La musique noire am\u00e9ricaine a des racines plong\u00e9es dans les traditions europ\u00e9ennes et africaines.<\/p>\n<p><img loading=\"lazy\" decoding=\"async\" class=\"alignright\" title=\"negrier\" src=\"https:\/\/www.the-voice-of-freedom.com\/wordpress\/wp-content\/uploads\/2012\/02\/negrier.jpg\" alt=\"\" width=\"200\" height=\"65\" \/>A peine arrach\u00e9s \u00e0 leur terre, sur les navires des n\u00e9griers, les captifs chantent, et en eux subsiste le souvenir de cette Afrique riche de ses coutumes et de ses traditions qui associe intimement le chant \u00e0 toutes les circonstances de la vie : naissances, deuils, jeux, pri\u00e8res, travaux, guerre et amour&#8230;<\/p>\n<p><strong>L&rsquo;arriv\u00e9e des premiers esclaves africains<\/strong> sur le continent am\u00e9ricain a lieu d\u00e8s 1619 et prend un essor fulgurant au XVIII\u00e8me si\u00e8cle.<\/p>\n<p>Victime du d\u00e9racinement de leur terre d&rsquo;origine, ils vont transporter leur histoire au travers de leur musique et de leurs chants. Ils organisent de grands regroupements auxquels se joignent \u00e9galement des blancs : les camp meetings , au cours desquels ils vont chanter et danser.<\/p>\n<p>L&rsquo;apprentissage des chants se fait par r\u00e9p\u00e9tition : le chef de chant \u00e9nonce une phrase que reprend l&rsquo;assembl\u00e9e. C&rsquo;est ce que l&rsquo;on appelle le \u00ab\u00a0<strong>lining out<\/strong>\u00a0\u00bb puis plus tard le \u00ab\u00a0<strong>call and response<\/strong>\u00a0\u00bb (appel et r\u00e9ponse).<\/p>\n<p>C&rsquo;est ainsi que na\u00eet au XVIII\u00e8me Si\u00e8cle le Negro-spiritual.<\/p>\n<h2>Le Negro Spiritual<\/h2>\n<p>Ce chant symbolise depuis toujours la voix et l&rsquo;histoire d&rsquo;un peuple opprim\u00e9 dont la musique \u00e9tait le seul exutoire. De nombreux chants font allusion \u00e0 l&rsquo;arriv\u00e9e des anc\u00eatres sur le sol am\u00e9ricain. Cette pratique du chant en choeur va se d\u00e9velopper principalement dans les milieux ruraux, et s&rsquo;exprimer principalement pendant les travaux des champs (importance du rythme, lenteur, absence d&rsquo;orchestration&#8230;) et aussi pendant les messes dans les \u00e9glises protestantes principalement (pentec\u00f4tistes, sanctifi\u00e9es).<br \/><img loading=\"lazy\" decoding=\"async\" class=\"alignleft wp-image-143 size-full\" title=\"allen\" src=\"https:\/\/www.the-voice-of-freedom.com\/wordpress\/wp-content\/uploads\/2012\/02\/allen.jpg\" alt=\"\" width=\"132\" height=\"186\" \/>Ces textes sont essentiellement inspir\u00e9s de la Bible mais parlent aussi de la vie quotidienne des esclaves (peines, \u00e9preuves, qu\u00eate d&rsquo;un foyer, voyages&#8230;). <strong>Ce sont avant tout des chants d&rsquo;espoir.<\/strong> Richard Allen, pasteur de la premi\u00e8re \u00e9glise m\u00e9thodiste publie en 1801 un recueil de ces chants : \u00ab A collection of spirituals Songs and Hymns Selected from various Authors \u00bb.<\/p>\n<p><img loading=\"lazy\" decoding=\"async\" class=\"alignright wp-image-144 size-full\" title=\"fisk\" src=\"https:\/\/www.the-voice-of-freedom.com\/wordpress\/wp-content\/uploads\/2012\/02\/fisk.jpg\" alt=\"\" width=\"241\" height=\"198\" \/>Ce sont les Fisk Jubilee Singers, de jeunes \u00e9tudiants, qui vont populariser cette musique en donnant un concert qui auront un immense succ\u00e8s au World Peace Jubilee de 1872.<\/p>\n<p><strong>Cela donne naissance aux \u00ab males quartets \u00bb.<\/strong><\/p>\n<p>Cet engouement pour le negro-spiritual va faire \u00e9voluer cette musique et <strong>donner naissance au Gospel<\/strong>, chant qui se diff\u00e9rencie notamment par ses textes qui s&rsquo;inspirent \u00e0 pr\u00e9sent du nouveau Testament.<\/p>\n<p>Le chant devient plus rythm\u00e9 et un accompagnement<br \/>instrumental est g\u00e9n\u00e9ralement ajout\u00e9.<\/p>\n<p>\u00a0<\/p>\n<p><img loading=\"lazy\" decoding=\"async\" class=\"wp-image-5108 alignleft\" src=\"https:\/\/www.the-voice-of-freedom.com\/wordpress\/wp-content\/uploads\/2023\/05\/tindley_ca_withName2-1.jpg\" alt=\"\" width=\"116\" height=\"185\" srcset=\"https:\/\/www.the-voice-of-freedom.com\/wordpress\/wp-content\/uploads\/2023\/05\/tindley_ca_withName2-1.jpg 202w, https:\/\/www.the-voice-of-freedom.com\/wordpress\/wp-content\/uploads\/2023\/05\/tindley_ca_withName2-1-188x300.jpg 188w\" sizes=\"auto, (max-width: 116px) 100vw, 116px\" \/>C&rsquo;est Charles-Albert Tindley (1851-1933), pasteur d&rsquo;une \u00e9glise de Philadelphie, qui est <strong>consid\u00e9r\u00e9 comme le premier auteur de Gospels<\/strong>. Il a \u00e9crit des dizaines de morceaux dont \u00ab\u00a0We shall overcome\u00a0\u00bb, qui deviendra l&rsquo;hymne de la marche pour les Droits civiques de Marthin Luther King en 1960.<\/p>\n<p>\u00a0<\/p>\n<h2>\u00a0<\/h2>\n<h2>\u00a0<\/h2>\n<h2>L&rsquo;av\u00e8nement du gospel<\/h2>\n<p><img loading=\"lazy\" decoding=\"async\" class=\"alignleft wp-image-148\" title=\"dorsey\" src=\"https:\/\/www.the-voice-of-freedom.com\/wordpress\/wp-content\/uploads\/2012\/02\/dorsey.jpg\" alt=\"\" width=\"102\" height=\"143\" \/>Le gospel prend son essor dans les ann\u00e9es 1930 avec Thomas A. Dorsey (1899-1993). Il compose ses premiers gospels en 1917. Le plus c\u00e9l\u00e8bre qu&rsquo;il a \u00e9crit s&rsquo;intitule \u00ab\u00a0Precious Lord, Take my hand\u00a0\u00bb, en 1932.<\/p>\n<p>C&rsquo;est \u00e0 cette p\u00e9riode que se d\u00e9veloppent les agressions du Ku Klux Klan avec la mont\u00e9e du racisme. Mais<strong> la culture noire commence \u00e0 s&rsquo;affirmer aux <\/strong><img loading=\"lazy\" decoding=\"async\" class=\"alignright wp-image-147 size-full\" title=\"mahiala\" src=\"https:\/\/www.the-voice-of-freedom.com\/wordpress\/wp-content\/uploads\/2012\/02\/mahiala.jpg\" alt=\"\" width=\"79\" height=\"127\" \/><strong>Etats-Unis<\/strong>, notamment au travers de la musique. Les chanteurs ou chanteuses de gospels, comme Aretha Franklin ou Mahalia Jackson ont de plus en plus de succ\u00e8s.<\/p>\n<p>\u00a0<\/p>\n<p><img loading=\"lazy\" decoding=\"async\" class=\"alignleft\" title=\"aretha\" src=\"https:\/\/www.the-voice-of-freedom.com\/wordpress\/wp-content\/uploads\/2012\/02\/aretha.jpg\" alt=\"\" width=\"84\" height=\"111\" \/> Aretha Franklin (1942) a int\u00e9gr\u00e9 des styles plus modernes que le gospel et reproduisait avec son corps (voix, onomatop\u00e9es, claquements de mains, de joues,&#8230;.) les instruments de l&rsquo;orchestre.<\/p>\n<p>Mahalia Jackson (1911-1972), quand \u00e0 elle, interpr\u00e9tera de nombreux gospels de Thomas A. Doresy qu&rsquo;elle enregistrera par la suite.<\/p>\n<p>\u00a0<\/p>\n<h2>De nos jours<\/h2>\n<p>Au cours du XXe si\u00e8cle, Gospel et Spiritual donnent naissance au Blues, Rhythm and Blues, Jazz et Soul Music. En retour, le Gospel s&rsquo;enrichit de ses m\u00e9lodies pour parvenir jusqu&rsquo;\u00e0 nous. Le Gospel est aujourd&rsquo;hui bien vivant, gr\u00e2ce \u00e0 des groupes tels que Take 6.<\/p>\n<!--themify_builder_content-->\n<div id=\"themify_builder_content-6\" data-postid=\"6\" class=\"themify_builder_content themify_builder_content-6 themify_builder tf_clear\">\n    <\/div>\n<!--\/themify_builder_content-->","protected":false},"excerpt":{"rendered":"<p>Les Racines La musique noire am\u00e9ricaine a des racines plong\u00e9es dans les traditions europ\u00e9ennes et africaines. A peine arrach\u00e9s \u00e0 leur terre, sur les navires des n\u00e9griers, les captifs chantent, et en eux subsiste le souvenir de cette Afrique riche de ses coutumes et de ses traditions qui associe intimement le chant \u00e0 toutes les [&hellip;]<\/p>\n","protected":false},"author":1,"featured_media":0,"parent":0,"menu_order":3,"comment_status":"closed","ping_status":"closed","template":"","meta":{"footnotes":""},"class_list":["post-6","page","type-page","status-publish","hentry","has-post-title","has-post-date","has-post-category","has-post-tag","has-post-comment","has-post-author",""],"yoast_head":"<!-- This site is optimized with the Yoast SEO plugin v27.5 - https:\/\/yoast.com\/product\/yoast-seo-wordpress\/ -->\n<title>Les Negro Spirituals &amp; Le Gospel - The Voice of Freedom<\/title>\n<meta name=\"robots\" content=\"index, follow, max-snippet:-1, max-image-preview:large, max-video-preview:-1\" \/>\n<link rel=\"canonical\" href=\"https:\/\/www.the-voice-of-freedom.com\/wordpress\/les-negro-spirituals-le-gospel\/\" \/>\n<meta property=\"og:locale\" content=\"fr_FR\" \/>\n<meta property=\"og:type\" content=\"article\" \/>\n<meta property=\"og:title\" content=\"Les Negro Spirituals &amp; Le Gospel - The Voice of Freedom\" \/>\n<meta property=\"og:description\" content=\"Les Racines La musique noire am\u00e9ricaine a des racines plong\u00e9es dans les traditions europ\u00e9ennes et africaines. A peine arrach\u00e9s \u00e0 leur terre, sur les navires des n\u00e9griers, les captifs chantent, et en eux subsiste le souvenir de cette Afrique riche de ses coutumes et de ses traditions qui associe intimement le chant \u00e0 toutes les [&hellip;]\" \/>\n<meta property=\"og:url\" content=\"https:\/\/www.the-voice-of-freedom.com\/wordpress\/les-negro-spirituals-le-gospel\/\" \/>\n<meta property=\"og:site_name\" content=\"The Voice of Freedom\" \/>\n<meta property=\"article:modified_time\" content=\"2023-05-12T11:30:35+00:00\" \/>\n<meta property=\"og:image\" content=\"https:\/\/www.the-voice-of-freedom.com\/wordpress\/wp-content\/uploads\/2012\/02\/negrier.jpg\" \/>\n<meta name=\"twitter:card\" content=\"summary_large_image\" \/>\n<meta name=\"twitter:label1\" content=\"Dur\u00e9e de lecture estim\u00e9e\" \/>\n\t<meta name=\"twitter:data1\" content=\"5 minutes\" \/>\n<script type=\"application\/ld+json\" class=\"yoast-schema-graph\">{\"@context\":\"https:\\\/\\\/schema.org\",\"@graph\":[{\"@type\":\"WebPage\",\"@id\":\"https:\\\/\\\/www.the-voice-of-freedom.com\\\/wordpress\\\/les-negro-spirituals-le-gospel\\\/\",\"url\":\"https:\\\/\\\/www.the-voice-of-freedom.com\\\/wordpress\\\/les-negro-spirituals-le-gospel\\\/\",\"name\":\"Les Negro Spirituals & Le Gospel - The Voice of Freedom\",\"isPartOf\":{\"@id\":\"https:\\\/\\\/www.the-voice-of-freedom.com\\\/wordpress\\\/#website\"},\"primaryImageOfPage\":{\"@id\":\"https:\\\/\\\/www.the-voice-of-freedom.com\\\/wordpress\\\/les-negro-spirituals-le-gospel\\\/#primaryimage\"},\"image\":{\"@id\":\"https:\\\/\\\/www.the-voice-of-freedom.com\\\/wordpress\\\/les-negro-spirituals-le-gospel\\\/#primaryimage\"},\"thumbnailUrl\":\"https:\\\/\\\/www.the-voice-of-freedom.com\\\/wordpress\\\/wp-content\\\/uploads\\\/2012\\\/02\\\/negrier.jpg\",\"datePublished\":\"2012-02-09T09:16:24+00:00\",\"dateModified\":\"2023-05-12T11:30:35+00:00\",\"breadcrumb\":{\"@id\":\"https:\\\/\\\/www.the-voice-of-freedom.com\\\/wordpress\\\/les-negro-spirituals-le-gospel\\\/#breadcrumb\"},\"inLanguage\":\"fr-FR\",\"potentialAction\":[{\"@type\":\"ReadAction\",\"target\":[\"https:\\\/\\\/www.the-voice-of-freedom.com\\\/wordpress\\\/les-negro-spirituals-le-gospel\\\/\"]}]},{\"@type\":\"ImageObject\",\"inLanguage\":\"fr-FR\",\"@id\":\"https:\\\/\\\/www.the-voice-of-freedom.com\\\/wordpress\\\/les-negro-spirituals-le-gospel\\\/#primaryimage\",\"url\":\"https:\\\/\\\/www.the-voice-of-freedom.com\\\/wordpress\\\/wp-content\\\/uploads\\\/2012\\\/02\\\/negrier.jpg\",\"contentUrl\":\"https:\\\/\\\/www.the-voice-of-freedom.com\\\/wordpress\\\/wp-content\\\/uploads\\\/2012\\\/02\\\/negrier.jpg\",\"width\":\"200\",\"height\":\"65\"},{\"@type\":\"BreadcrumbList\",\"@id\":\"https:\\\/\\\/www.the-voice-of-freedom.com\\\/wordpress\\\/les-negro-spirituals-le-gospel\\\/#breadcrumb\",\"itemListElement\":[{\"@type\":\"ListItem\",\"position\":1,\"name\":\"Accueil\",\"item\":\"https:\\\/\\\/www.the-voice-of-freedom.com\\\/wordpress\\\/\"},{\"@type\":\"ListItem\",\"position\":2,\"name\":\"Les Negro Spirituals &#038; Le Gospel\"}]},{\"@type\":\"WebSite\",\"@id\":\"https:\\\/\\\/www.the-voice-of-freedom.com\\\/wordpress\\\/#website\",\"url\":\"https:\\\/\\\/www.the-voice-of-freedom.com\\\/wordpress\\\/\",\"name\":\"The Voice of Freedom\",\"description\":\"Chorale parisienne de Negro Spirituals et Gospel\",\"publisher\":{\"@id\":\"https:\\\/\\\/www.the-voice-of-freedom.com\\\/wordpress\\\/#organization\"},\"potentialAction\":[{\"@type\":\"SearchAction\",\"target\":{\"@type\":\"EntryPoint\",\"urlTemplate\":\"https:\\\/\\\/www.the-voice-of-freedom.com\\\/wordpress\\\/?s={search_term_string}\"},\"query-input\":{\"@type\":\"PropertyValueSpecification\",\"valueRequired\":true,\"valueName\":\"search_term_string\"}}],\"inLanguage\":\"fr-FR\"},{\"@type\":\"Organization\",\"@id\":\"https:\\\/\\\/www.the-voice-of-freedom.com\\\/wordpress\\\/#organization\",\"name\":\"The Voice Of Freedom\",\"url\":\"https:\\\/\\\/www.the-voice-of-freedom.com\\\/wordpress\\\/\",\"logo\":{\"@type\":\"ImageObject\",\"inLanguage\":\"fr-FR\",\"@id\":\"https:\\\/\\\/www.the-voice-of-freedom.com\\\/wordpress\\\/#\\\/schema\\\/logo\\\/image\\\/\",\"url\":\"https:\\\/\\\/www.the-voice-of-freedom.com\\\/wordpress\\\/wp-content\\\/uploads\\\/2017\\\/03\\\/logo-vof.png\",\"contentUrl\":\"https:\\\/\\\/www.the-voice-of-freedom.com\\\/wordpress\\\/wp-content\\\/uploads\\\/2017\\\/03\\\/logo-vof.png\",\"width\":134,\"height\":75,\"caption\":\"The Voice Of Freedom\"},\"image\":{\"@id\":\"https:\\\/\\\/www.the-voice-of-freedom.com\\\/wordpress\\\/#\\\/schema\\\/logo\\\/image\\\/\"}}]}<\/script>\n<!-- \/ Yoast SEO plugin. -->","yoast_head_json":{"title":"Les Negro Spirituals & Le Gospel - The Voice of Freedom","robots":{"index":"index","follow":"follow","max-snippet":"max-snippet:-1","max-image-preview":"max-image-preview:large","max-video-preview":"max-video-preview:-1"},"canonical":"https:\/\/www.the-voice-of-freedom.com\/wordpress\/les-negro-spirituals-le-gospel\/","og_locale":"fr_FR","og_type":"article","og_title":"Les Negro Spirituals & Le Gospel - The Voice of Freedom","og_description":"Les Racines La musique noire am\u00e9ricaine a des racines plong\u00e9es dans les traditions europ\u00e9ennes et africaines. A peine arrach\u00e9s \u00e0 leur terre, sur les navires des n\u00e9griers, les captifs chantent, et en eux subsiste le souvenir de cette Afrique riche de ses coutumes et de ses traditions qui associe intimement le chant \u00e0 toutes les [&hellip;]","og_url":"https:\/\/www.the-voice-of-freedom.com\/wordpress\/les-negro-spirituals-le-gospel\/","og_site_name":"The Voice of Freedom","article_modified_time":"2023-05-12T11:30:35+00:00","og_image":[{"url":"https:\/\/www.the-voice-of-freedom.com\/wordpress\/wp-content\/uploads\/2012\/02\/negrier.jpg","type":"","width":"","height":""}],"twitter_card":"summary_large_image","twitter_misc":{"Dur\u00e9e de lecture estim\u00e9e":"5 minutes"},"schema":{"@context":"https:\/\/schema.org","@graph":[{"@type":"WebPage","@id":"https:\/\/www.the-voice-of-freedom.com\/wordpress\/les-negro-spirituals-le-gospel\/","url":"https:\/\/www.the-voice-of-freedom.com\/wordpress\/les-negro-spirituals-le-gospel\/","name":"Les Negro Spirituals & Le Gospel - The Voice of Freedom","isPartOf":{"@id":"https:\/\/www.the-voice-of-freedom.com\/wordpress\/#website"},"primaryImageOfPage":{"@id":"https:\/\/www.the-voice-of-freedom.com\/wordpress\/les-negro-spirituals-le-gospel\/#primaryimage"},"image":{"@id":"https:\/\/www.the-voice-of-freedom.com\/wordpress\/les-negro-spirituals-le-gospel\/#primaryimage"},"thumbnailUrl":"https:\/\/www.the-voice-of-freedom.com\/wordpress\/wp-content\/uploads\/2012\/02\/negrier.jpg","datePublished":"2012-02-09T09:16:24+00:00","dateModified":"2023-05-12T11:30:35+00:00","breadcrumb":{"@id":"https:\/\/www.the-voice-of-freedom.com\/wordpress\/les-negro-spirituals-le-gospel\/#breadcrumb"},"inLanguage":"fr-FR","potentialAction":[{"@type":"ReadAction","target":["https:\/\/www.the-voice-of-freedom.com\/wordpress\/les-negro-spirituals-le-gospel\/"]}]},{"@type":"ImageObject","inLanguage":"fr-FR","@id":"https:\/\/www.the-voice-of-freedom.com\/wordpress\/les-negro-spirituals-le-gospel\/#primaryimage","url":"https:\/\/www.the-voice-of-freedom.com\/wordpress\/wp-content\/uploads\/2012\/02\/negrier.jpg","contentUrl":"https:\/\/www.the-voice-of-freedom.com\/wordpress\/wp-content\/uploads\/2012\/02\/negrier.jpg","width":"200","height":"65"},{"@type":"BreadcrumbList","@id":"https:\/\/www.the-voice-of-freedom.com\/wordpress\/les-negro-spirituals-le-gospel\/#breadcrumb","itemListElement":[{"@type":"ListItem","position":1,"name":"Accueil","item":"https:\/\/www.the-voice-of-freedom.com\/wordpress\/"},{"@type":"ListItem","position":2,"name":"Les Negro Spirituals &#038; Le Gospel"}]},{"@type":"WebSite","@id":"https:\/\/www.the-voice-of-freedom.com\/wordpress\/#website","url":"https:\/\/www.the-voice-of-freedom.com\/wordpress\/","name":"The Voice of Freedom","description":"Chorale parisienne de Negro Spirituals et Gospel","publisher":{"@id":"https:\/\/www.the-voice-of-freedom.com\/wordpress\/#organization"},"potentialAction":[{"@type":"SearchAction","target":{"@type":"EntryPoint","urlTemplate":"https:\/\/www.the-voice-of-freedom.com\/wordpress\/?s={search_term_string}"},"query-input":{"@type":"PropertyValueSpecification","valueRequired":true,"valueName":"search_term_string"}}],"inLanguage":"fr-FR"},{"@type":"Organization","@id":"https:\/\/www.the-voice-of-freedom.com\/wordpress\/#organization","name":"The Voice Of Freedom","url":"https:\/\/www.the-voice-of-freedom.com\/wordpress\/","logo":{"@type":"ImageObject","inLanguage":"fr-FR","@id":"https:\/\/www.the-voice-of-freedom.com\/wordpress\/#\/schema\/logo\/image\/","url":"https:\/\/www.the-voice-of-freedom.com\/wordpress\/wp-content\/uploads\/2017\/03\/logo-vof.png","contentUrl":"https:\/\/www.the-voice-of-freedom.com\/wordpress\/wp-content\/uploads\/2017\/03\/logo-vof.png","width":134,"height":75,"caption":"The Voice Of Freedom"},"image":{"@id":"https:\/\/www.the-voice-of-freedom.com\/wordpress\/#\/schema\/logo\/image\/"}}]}},"builder_content":"","_links":{"self":[{"href":"https:\/\/www.the-voice-of-freedom.com\/wordpress\/wp-json\/wp\/v2\/pages\/6","targetHints":{"allow":["GET"]}}],"collection":[{"href":"https:\/\/www.the-voice-of-freedom.com\/wordpress\/wp-json\/wp\/v2\/pages"}],"about":[{"href":"https:\/\/www.the-voice-of-freedom.com\/wordpress\/wp-json\/wp\/v2\/types\/page"}],"author":[{"embeddable":true,"href":"https:\/\/www.the-voice-of-freedom.com\/wordpress\/wp-json\/wp\/v2\/users\/1"}],"replies":[{"embeddable":true,"href":"https:\/\/www.the-voice-of-freedom.com\/wordpress\/wp-json\/wp\/v2\/comments?post=6"}],"version-history":[{"count":21,"href":"https:\/\/www.the-voice-of-freedom.com\/wordpress\/wp-json\/wp\/v2\/pages\/6\/revisions"}],"predecessor-version":[{"id":5114,"href":"https:\/\/www.the-voice-of-freedom.com\/wordpress\/wp-json\/wp\/v2\/pages\/6\/revisions\/5114"}],"wp:attachment":[{"href":"https:\/\/www.the-voice-of-freedom.com\/wordpress\/wp-json\/wp\/v2\/media?parent=6"}],"curies":[{"name":"wp","href":"https:\/\/api.w.org\/{rel}","templated":true}]}}